{"id":127,"date":"2022-12-20T22:05:55","date_gmt":"2022-12-20T21:05:55","guid":{"rendered":"https:\/\/new.reflectprint.eu\/ueber-uns\/"},"modified":"2022-12-27T18:28:08","modified_gmt":"2022-12-27T17:28:08","slug":"ueber-uns","status":"publish","type":"page","link":"https:\/\/www.reflectprint.eu\/de\/ueber-uns\/","title":{"rendered":"\u00dcber uns"},"content":{"rendered":"<div class=\"content page-content\">\n<div class=\"wrap container-fluid\">\n<div class=\"row\">\n<div class=\"col-xs-12\">\n<div class=\"top-img\">\n<div class=\"st-item\">\n\t\t\t\t\t\t<img decoding=\"async\" src=\"\/wp-content\/themes\/dbx_reflect\/img\/slide.png\" alt=\"\" class=\"img-responsive\" \/><\/p>\n<div class=\"caption\">\n<ul class=\"breadcrumbs\">\n<li><a href=\"#\">Startesite<\/a><\/li>\n<li>&gt;<\/li>\n<li>\u00dcber uns<\/li>\n<\/ul>\n<h1>\u00dcber uns<\/h1>\n<\/p><\/div>\n<\/p><\/div>\n<\/p><\/div>\n<\/p><\/div>\n<div class=\"col-xs-12\">\n<h2>Unser Unternehmen<\/h2>\n<div class=\"bottom-contact-grid-parent mb-50\">\n<div class=\"bottom-contact-grid-item bottom-contact-grid-item1 yellow\">\n<p><img decoding=\"async\" src=\"\/wp-content\/themes\/dbx_reflect\/img\/about-ico1.svg\" alt=\"\" class=\"img-responsive\" \/><\/p>\n<p><strong>Auf dem Markt: seit 2006<\/strong><\/p>\n<\/p><\/div>\n<div class=\"bottom-contact-grid-item bottom-contact-grid-item2 pink\">\n<p><img decoding=\"async\" src=\"\/wp-content\/themes\/dbx_reflect\/img\/about-ico2.svg\" alt=\"\" class=\"img-responsive\" \/><\/p>\n<p><strong>Mehr als 100 Mitarbeiter<\/strong><\/p>\n<\/p><\/div>\n<div class=\"bottom-contact-grid-item bottom-contact-grid-item3 blue\">\n<p><img decoding=\"async\" src=\"\/wp-content\/themes\/dbx_reflect\/img\/about-ico3.svg\" alt=\"\" class=\"img-responsive\" \/><\/p>\n<p><strong>Mehr als 10.000 Aufdrucke pro Tag<\/strong><\/p>\n<\/p><\/div>\n<div class=\"bottom-contact-grid-item bottom-contact-grid-item4 yellow\">\n<p><img decoding=\"async\" src=\"\/wp-content\/themes\/dbx_reflect\/img\/about-ico4.svg\" alt=\"\" class=\"img-responsive\" \/><\/p>\n<p><strong>Mehr als 5000 Kunden<\/strong><\/p>\n<\/p><\/div>\n<\/p><\/div>\n<div class=\"row\">\n<div class=\"col-xs-12 col-md-6\">\n\t\t\t\t\t\t<img decoding=\"async\" src=\"\/wp-content\/themes\/dbx_reflect\/img\/about-img1.jpg\" alt=\"\" class=\"img-responsive\" \/>\n\t\t\t\t\t<\/div>\n<div class=\"col-xs-12 col-md-6\">\n<div class=\"padding-box\">\n<h2 class=\"mb-20\">Mission<\/h2>\n<p>Wir bieten unseren Kunden einen Rundum-Service, der ihnen Zeit und Kosten spart, ihnen ein Gef\u00fchl der Sicherheit und Zufriedenheit vermittelt sowie die Entwicklung ihrer Unternehmen ma\u00dfgeblich unterst\u00fctzt.<\/p>\n<h2 class=\"mb-20\">Unsere Technik<\/h2>\n<p>Wir arbeiten mit Maschinen der besten Marken in der Branche. Wir setzen auf international anerkannte Marken wie Kornit, Tajima, M&#038;R oder Epson. Sie erm\u00f6glichen uns die Ausf\u00fchrung komplizierter und ungew\u00f6hnlicher Entw\u00fcrfe sowie gleichzeitig die Gew\u00e4hrleistung ihrer pr\u00e4zisen Ausf\u00fchrung und Reproduktion.<\/p>\n<h2 class=\"mb-20\">Unsere Qualit\u00e4t<\/h2>\n<p>Wir sind uns bewusst, wie wichtig eine hohe und gleichbleibende Qualit\u00e4t ist, und als Hersteller wissen wir, dass dieser Aspekt nicht untersch\u00e4tzt werden darf. Jedes Unternehmen setzt beim Aufbau seiner Marke auf die Attraktivit\u00e4t, aber auch auf die Problemlosigkeit seines Angebots. Aus diesem Grund haben wir das sehr restriktive, firmeneigene Reflect Quality Assurance System entwickelt, das die konsequente Einhaltung der versprochenen Standards garantiert.<\/p>\n<p class=\"mt-30\"><strong>Was ist das Reflect Quality Assurance System?<\/strong><\/p>\n<div class=\"collapsed\" data-collapse-target=\"system\">\n<ul class=\"checklist\">\n<li><strong>Jede Bestellung durchl\u00e4uft eine 2-stufige Qualit\u00e4tskontrolle:<\/strong><br \/>&#8211; w\u00e4hrend der Produktion<br \/>&#8211; nach der Produktion<\/li>\n<\/ul>\n<ul class=\"checklist\">\n<li><strong>Nach der Produktion und Kontrolle wird jede Bestellung mit einem Qualit\u00e4tskontrolletikett versehen, das von dem Pr\u00fcfer handschriftlich ausgef\u00fcllt wurde, der die Kontrolle durchgef\u00fchrt und die Qualit\u00e4t als anforderungskonform anerkannt hat.<\/strong><\/li>\n<\/ul>\n<ul class=\"checklist\">\n<li><strong>Wir setzen Qualit\u00e4tsverfahren w\u00e4hrend des Produktions- und Kontrollprozesses ein:<\/strong><br \/>&#8211; 5S<br \/>&#8211; Produktionsverfahren &#8211; Anweisungen<br \/>&#8211; Verfahren zur Kontrolle von Fertigerzeugnissen &#8211; Kontrollplan<br \/>&#8211; Qualit\u00e4tsalarme<br \/>&#8211; Statistiken \u00fcber die begangenen Fehler, die regelm\u00e4\u00dfig analysiert werden<br \/>&#8211; Korrekturma\u00dfnahmen<br \/>&#8211; Pr\u00e4ventivma\u00dfnahmen<\/li>\n<\/ul><\/div>\n<p><a href=\"#\" data-collapse-shot=\"system\"><strong>Weiterlesen &gt;<\/strong><\/a><\/p>\n<\/p><\/div>\n<\/p><\/div>\n<\/p><\/div>\n<div class=\"row mt-40 middle-xs\">\n<div class=\"col-xs-12 col-md-6\">\n<h2 class=\"mt-20 mb-20\">Unsere soziale Verantwortung<\/h2>\n<\/p><\/div>\n<div class=\"col-xs-12 col-md-6\">\n\t\t\t\t\t\t<img decoding=\"async\" src=\"\/wp-content\/themes\/dbx_reflect\/img\/about-img2.png\" alt=\"\" class=\"img-responsive\" \/>\n\t\t\t\t\t<\/div>\n<\/p><\/div>\n<div class=\"green-container\">\n<div class=\"gc-item gc-item1\">\n<h3>Kleidung<\/h3>\n<p>Bei der Erstellung unserer Bekleidungskollektionen w\u00e4hlen wir Bezugsquellen und Lieferanten, die so umweltneutral wie m\u00f6glich sind sowie die Ressourcen und Rechte der Umwelt respektieren. Seit Jahren sorgen wir daf\u00fcr, dass unsere Kollektion durch Angebote aus zertifizierten Quellen bereichert wird, die sich einer umweltfreundlichen Politik verschrieben haben.<\/p>\n<\/p><\/div>\n<div class=\"gc-item gc-item2\">\n<h3>Bedrucken<\/h3>\n<p>Auf dem Markt gibt es viele Arten von Tinten. Wir w\u00e4hlen solche, die den kleinstm\u00f6glichen CO2-Fu\u00dfabdruck haben, und achten gleichzeitig auf die Qualit\u00e4t der Ergebnisse, die mit der Farbe erzielt werden k\u00f6nnen.<\/p>\n<p>Das Gleiche gilt f\u00fcr Stickgarn \u2013 wir sind stets darauf bedacht, uns auf Garne und deren Lieferanten zu verlassen, die das beste Qualit\u00e4t-Umwelt-Verh\u00e4ltnis bieten.<\/p>\n<\/p><\/div>\n<div class=\"gc-item gc-item3\">\n<h3>Verpackung und Versand<\/h3>\n<p>Verpackungen sind eng mit der Umwelt verbunden \u2013 ein Gro\u00dfteil von ihnen besteht aus Komponenten, die beim Abholzen von B\u00e4umen entstehen. Wir entscheiden uns f\u00fcr L\u00f6sungen, die m\u00f6glichst wenig mit Abholzung zu tun haben, und achten auch darauf, inwieweit sich die Lieferanten um die Wiederaufforstung und den Wiederaufbau des \u00d6kosystems k\u00fcmmern.<\/p>\n<\/p><\/div>\n<div class=\"gc-item gc-item4\">\n<h3>Unternehmen<\/h3>\n<p>Bei Reflect bringen wir unser Verantwortungsbewusstsein f\u00fcr die Umwelt durch das Programm Reflect Green Practices zum Ausdruck<\/p>\n<div class=\"collapsed\" data-collapse-target=\"company\">\n<p>Jeden Tag, in jedem Arbeitsgang, k\u00fcmmern wir uns um das Gute, also die Umwelt um uns herum. Diese Einstellung f\u00f6rdern wir in unserem Unternehmen und best\u00e4rken sie bei neuen Teammitgliedern.<\/p>\n<p>Wir konzentrieren uns dabei auf gro\u00dfe und kleine, st\u00e4ndige und gelegentliche Aktivit\u00e4ten:<\/p>\n<p><strong>&#8211; Bildung:<\/strong> Wir f\u00f6rdern eine umweltfreundliche Einstellung unter unseren Mitarbeitern durch Plakate, Schulungen und Mitarbeiteraktionen.<\/p>\n<p><strong>&#8211; M\u00fclltrennung:<\/strong> Wir haben an jedem Arbeitsschritt unseres Produktionsprozesses und in unseren B\u00fcros M\u00fclltrennungsstellen eingerichtet und achten darauf, dass wir die Grunds\u00e4tze der M\u00fclltrennung in jeder Entstehungsphase der Abf\u00e4lle einhalten.<\/p>\n<p><strong>&#8211; Sparsamkeit:<\/strong> Im Rahmen unserer internen Unternehmensrichtlinien erinnern wir unsere Teammitglieder daran, vern\u00fcnftig mit Wasser, Strom und anderen Ressourcen umzugehen, und sorgen daf\u00fcr, dass wir nach Arbeitsende alle Ger\u00e4te und Leuchten ausschalten, um Energie zu sparen.<br \/>Die Sparsamkeit gilt auch f\u00fcr Lebensmittel. Die Lebensmittel in den K\u00fchlschr\u00e4nken des Unternehmens m\u00fcssen gekennzeichnet und sp\u00e4testens am Ende der jeweiligen Woche verbraucht sein. Plakate an den Orten, an denen die Mahlzeiten eingenommen werden, erinnern daran, sorgsam mit Lebensmitteln umzugehen, um Lebensmittelverschwendung zu vermeiden.<\/p>\n<p><strong>&#8211; Umweltfreundliche Kleidung:<\/strong> Wir w\u00e4hlen f\u00fcr unsere Kollektionen solche Kleidung aus, die aufgrund ihrer einfachen Recyclebarkeit oder biologischen Abbaubarkeit m\u00f6glichst umweltfreundlich sind.<\/p>\n<p><strong>&#8211; Umweltfreundliche Farben und Garne:<\/strong> Wir achten darauf, dass sowohl die Aufdrucke als auch die Stickereien, mit denen wir die Kleidungsst\u00fccke verzieren, im Einklang mit der Umwelt stehen. Aus diesem Grund w\u00e4hlen wir f\u00fcr die Aufdrucke Farben und F\u00e4den, die gesundheits- und umweltvertr\u00e4glich sind.<\/p>\n<p><strong>&#8211; Verwaltung von R\u00fcckst\u00e4nden:<\/strong> Kleidung und Ger\u00e4te, die dem Kunden aus verschiedenen Gr\u00fcnden nicht ausgeh\u00e4ndigt werden k\u00f6nnen, werden an Bed\u00fcrftige gespendet, z. B. an Heime f\u00fcr alleinerziehende M\u00fctter, Caritas, Kinderheime.<\/p>\n<\/p><\/div>\n<p><a href=\"#\" data-collapse-shot=\"company\"><strong>Weiterlesen &gt;<\/strong><\/a><\/p>\n<\/p><\/div>\n<div class=\"gc-item gc-item5\">\n<h3>Verhaltensregeln<\/h3>\n<p>Als Familienunternehmen verstehen wir die Grunds\u00e4tze des Respekts f\u00fcr Menschen, Arbeit und Umwelt, der Ethik und Integrit\u00e4t in unserem Handeln und des Ehrgeizes, die Messlatte f\u00fcr uns selbst und unsere T\u00e4tigkeit hoch zu legen, und wenden diese selbstverst\u00e4ndlich an.<\/p>\n<div class=\"collapsed\" data-collapse-target=\"conduct\">\n<p>Die Grundlage unseres Unternehmens und unseres Teams ist die Einhaltung der folgenden Verhaltensgrunds\u00e4tze:<\/p>\n<p><strong>&#8211; Gerechte Methoden zur Erstellung eines Verkaufsangebots<\/strong><\/p>\n<p>Unsere Gesch\u00e4ftspartner, d.h. Kunden und Lieferanten, werden immer von uns respektiert. In unserer Zusammenarbeit setzen wir auf ehrliche und ethische Vorgehensweise, ehrliche Angebote und die Ber\u00fccksichtigung der Interessen beider Parteien nach dem Win-Win-Prinzip.<\/p>\n<p><strong>&#8211; Gerechte Einstellungs- und Entlohnungsmethoden sowie Arbeitsstandards.<\/strong><\/p>\n<p>Wir w\u00e4hlen neue Mitglieder des Reflect-Teams in einem offenen, transparenten Einstellungsverfahren aus.<\/p>\n<p>Wir akzeptieren die Diversit\u00e4t von Geschlecht, Alter, Nationalit\u00e4t und \u00dcberzeugungen.<\/p>\n<p>Die von uns angebotene Arbeitszeit entspricht den gesetzlichen Bestimmungen, und \u00dcberstunden werden gem\u00e4\u00df den geltenden Vorschriften bezahlt.<\/p>\n<p><strong>&#8211; Anst\u00e4ndige Arbeitsbedingungen<\/strong><\/p>\n<p>Wir sorgen daf\u00fcr, dass die Arbeitsbedingungen, sowohl in den B\u00fcros als auch in der Produktion, den Sicherheits- und Hygieneanforderungen entsprechen.<\/p>\n<p>Wir bieten unseren Mitarbeitern unbegrenzt Getr\u00e4nke (Wasser, Kaffee, Milch) sowie voll ausgestattete, angenehme Pl\u00e4tze zum Essen und Entspannen in den Pausen.<\/p>\n<p>Wir f\u00f6rdern eine Kultur der Zusammenarbeit, der freundschaftlichen Beziehungen und der Unterst\u00fctzung durch Wissensaustausch und t\u00e4gliches Coaching, auch an den Arbeitspl\u00e4tzen.<\/p>\n<p>Wir f\u00fchren ein Programm von Mitarbeiterinitiativen durch \u2013 wir sammeln Vorschl\u00e4ge f\u00fcr Ver\u00e4nderungen und Verbesserungen, analysieren sie und setzen diejenigen um, die dem Unternehmen und dem Team am besten dienen.<\/p>\n<p>Wir verbieten Mitarbeitern nicht, sich zu vereinigen, wenn dies auf friedliche Weise geschieht und die normale Erbringung von Dienstleistungen f\u00fcr unsere Kunden nicht beeintr\u00e4chtigt.<\/p>\n<p><strong>&#8211; Keine unethischen Praktiken<\/strong><\/p>\n<p>Wir besch\u00e4ftigen keine Kinder oder Minderj\u00e4hrige. Unsere Gesch\u00e4ftspartner w\u00e4hlen wir nach denselben Prinzipien aus.<\/p>\n<p>Wir wenden keine Gewalt oder Zwang bei der Einstellung, bei den Beziehungen zu den Mitarbeitern oder beim Arbeitszeitmanagement an. Unsere Mitarbeiter haben das Recht auf Urlaub, Essenspausen und die Entscheidung, ob sie bezahlte \u00dcberstunden leisten wollen.<\/p>\n<p>Das Fehlen von jeglicher Diskriminierung ist f\u00fcr die menschlichen Beziehungen in unserem Unternehmen in allen Bereichen und Aspekten von grundlegender Bedeutung.<\/p>\n<p><strong>&#8211; Vollst\u00e4ndige Einhaltung der Rechtsvorschriften<\/strong><\/p>\n<p>In jedem Bereich der T\u00e4tigkeit des Unternehmens und des Teams halten wir die geltenden Gesetze, Regeln und Vorschriften vollst\u00e4ndig ein.<\/p>\n<p>Gibt es in einem Bereich keine entsprechenden Rechtsvorschriften, so gilt f\u00fcr uns der Grundsatz der Ehrlichkeit, des guten Gewissens und der guten Praxis.<\/p>\n<\/p><\/div>\n<p><a href=\"#\" data-collapse-shot=\"conduct\"><strong>Weiterlesen &gt;<\/strong><\/a><\/p>\n<\/p><\/div>\n<\/p><\/div>\n<h2>Unser Team<\/h2>\n<div class=\"row mt-40\">\n<div class=\"col-xs-12 col-md-4\">\n\t\t\t\t\t\t<img decoding=\"async\" src=\"\/wp-content\/themes\/dbx_reflect\/img\/about-img3.png\" alt=\"\" class=\"img-responsive\" \/>\n\t\t\t\t\t<\/div>\n<div class=\"col-xs-12 col-md-8\">\n<div class=\"row\">\n<div class=\"col-xs-12 col-md-6\">\n<p><strong>Auf wen setzen wir?<\/strong><\/p>\n<p>\t\t\t\t\t\t\t\t<img decoding=\"async\" src=\"\/wp-content\/themes\/dbx_reflect\/img\/divider.svg\" alt=\"\" class=\"img-responsive mt-10 mb-20\" \/><\/p>\n<p>Beim Aufbau unseres Teams verlassen wir uns auf Spezialisten in ihrem Bereich. Als Unternehmen, das auf eine Kultur des Dialogs, der Offenheit f\u00fcr Ver\u00e4nderungen und der Flexibilit\u00e4t im Handeln setzt, wollen wir auf die Stimme unserer Mitarbeiter h\u00f6ren.<\/p>\n<div class=\"collapsed\" data-collapse-target=\"sec1\">\n<p>Was uns auszeichnet, ist der hohe Autonomiegrad in jeder Position \u2013 wir schaffen Freir\u00e4ume f\u00fcr Entscheidungen, f\u00fcr das Kreieren von L\u00f6sungen, die L\u00f6sung von Problemen sowie die Einf\u00fchrung von Optimierungen.<\/p>\n<\/p><\/div>\n<p><a href=\"#\" class=\"font-blue\" data-collapse-shot=\"sec1\"><strong>Weiterlesen &gt;<\/strong><\/a><\/p>\n<\/p><\/div>\n<div class=\"col-xs-12 col-md-6\">\n<p><strong>Wie k\u00fcmmern wir uns um unsere Teammitglieder?<\/strong><\/p>\n<p>\t\t\t\t\t\t\t\t<img decoding=\"async\" src=\"\/wp-content\/themes\/dbx_reflect\/img\/divider.svg\" alt=\"\" class=\"img-responsive mt-10 mb-20\" \/><\/p>\n<p>Als Familienunternehmen legen wir besonderen Wert auf Gesten, die ein Gemeinschaftsgef\u00fchl vermitteln, eine positive Atmosph\u00e4re schaffen und die Bedeutung jedes einzelnen Mitglieds unseres Teams betonen.<\/p>\n<div class=\"collapsed\" data-collapse-target=\"sec2\">\n<p>Deshalb:<\/p>\n<ul class=\"disc\">\n<li>Jeden Morgen geht der Inhaber des Unternehmens durch alle R\u00e4ume und begr\u00fc\u00dft die Mitarbeiter.<\/li>\n<li>Jedes Jahr feiern wir den Geburtstag eines jeden Mitarbeiters, unabh\u00e4ngig von der L\u00e4nge der Betriebszugeh\u00f6rigkeit, mit einem kleinen Geschenk. Au\u00dferdem w\u00fcnscht der Inhaber jedem Geburtstagskind pers\u00f6nlich viel Gl\u00fcck.<\/li>\n<li>Jedes Jahr organisieren wir mindestens 2 Unternehmensfeiern und jede Abteilung erh\u00e4lt au\u00dferdem ein Budget f\u00fcr eine Abteilungsfeier.<\/li>\n<li>Wir feiern ungew\u00f6hnliche Feiertage wie z. B. den Tag des L\u00e4chelns, den Tag der guten Nachrichten, aber auch Feiertage wie den Valentinstag, den Frauentag, den Kindertag und andere.<\/li>\n<li>Wir nehmen an Wohlt\u00e4tigkeitsveranstaltungen teil \u2013 auch an solchen, die von unseren Mitarbeitern eingereicht werden, z. B. Wylosuj Anio\u0142a [Ziehe einen Engel], Kartki dla Dzieci z Oddzia\u0142u Onkologii [Karten f\u00fcr Kinder in der Onkologieabteilung], Szlachetna Paczka [Edles Paket].<\/li>\n<li>Wir sind offen f\u00fcr Mitarbeiterinitiativen, wie z. B. das gemeinsame Ausgehen zum Fu\u00dfball oder die Organisation einer Fanzone auf dem Firmengel\u00e4nde w\u00e4hrend der Europameisterschaft.<\/li>\n<\/ul><\/div>\n<p><a href=\"#\" class=\"font-blue\" data-collapse-shot=\"sec2\"><strong>Weiterlesen &gt;<\/strong><\/a><\/p>\n<\/p><\/div>\n<\/p><\/div>\n<div class=\"hidden-xs hidden-sm mt-10\"><\/div>\n<div class=\"row\">\n<div class=\"col-xs-12 col-md-6\">\n<p><strong>Wie entwickeln wir ein Team?<\/strong><\/p>\n<p>\t\t\t\t\t\t\t\t<img decoding=\"async\" src=\"\/wp-content\/themes\/dbx_reflect\/img\/divider.svg\" alt=\"\" class=\"img-responsive mt-10 mb-20\" \/><\/p>\n<ul class=\"disc\">\n<li>Wir nehmen an Schulungen und Branchenkonferenzen teil<\/li>\n<li>Wir bilden uns durch vom Unternehmen subventionierte Aufbaustudien weiter<\/li>\n<li>Wir teilen Wissen und Erfahrung durch ein internes Wissenstransfersystem<\/li>\n<\/ul><\/div>\n<div class=\"col-xs-12 col-md-6\">\n<p><strong>Wie belohnen wir unsere Teammitglieder?<\/strong><\/p>\n<p>\t\t\t\t\t\t\t\t<img decoding=\"async\" src=\"\/wp-content\/themes\/dbx_reflect\/img\/divider.svg\" alt=\"\" class=\"img-responsive mt-10 mb-20\" \/><\/p>\n<ul class=\"disc\">\n<li>Wir verwenden die Feedback-Forward-Methode, die eine laufende Bewertung der Leistung unserer Teams erm\u00f6glicht<\/li>\n<li>Die eingef\u00fchrten Pr\u00e4miensysteme honorieren die Leistung der Teams und ihrer Mitglieder<\/li>\n<li>Wir beobachten das Potenzial unserer Mitarbeiter und nutzen es innerhalb der Reflect Group-Struktur effektiv durch interne Bef\u00f6rderungen, Erweiterung des Zust\u00e4ndigkeitsbereichs oder Delegation zu verantwortungsvolleren Aufgaben.<\/li>\n<\/ul><\/div>\n<\/p><\/div>\n<\/p><\/div>\n<\/p><\/div>\n<\/p><\/div>\n<\/p><\/div>\n<\/p><\/div>\n<\/div>\n<p><!--\/.content--><\/p>\n<div class=\"content page-content gray-bg pt-50 pb-50\" style=\"margin-bottom: -50px;\">\n<div class=\"wrap container-fluid\">\n<div class=\"row\">\n<div class=\"col-xs-12\">\n<h2 class=\"mb-20\">Die Gruppe, zu der wir geh\u00f6ren<\/h2>\n<p><strong>Die Gruppe, der Reflect angeh\u00f6rt, k\u00fcmmert sich um alle Werbebed\u00fcrfnisse.<\/strong> Gemeinsam bieten wir ein Rundum-Angebot an, d.h. neben Textilien auch Werbeartikel, Druck und Werbedienstleistungen.<\/p>\n<p>Auf diese Weise k\u00f6nnen wir eine vollst\u00e4ndige L\u00f6sung f\u00fcr die Marke Ihres Unternehmens oder Ihres Kunden in einer einzigen Bestellung und im Rahmen eines einzigen Versands anbieten.<\/p>\n<p>Die Synchronisierung verschiedener Arbeiten ist bei dem Entwurf, der Verpackung und der Lieferung m\u00f6glich.<\/p>\n<p>So bieten wir unter einem Dach eine beispiellos gro\u00dfe Auswahl und Komplementarit\u00e4t von L\u00f6sungen, einen einzigen Ansprechpartner \u2013 einen einzigen Kundenbetreuer, Zeit- und Kosteneinsparungen, die Garantie einheitlicher Qualit\u00e4tsstandards und die Lieferung zum angegebenen Zeitpunkt an den angegebenen Ort.<\/p>\n<p>All das bedeutet Optimierung, Bequemlichkeit und Ruhe.<\/p>\n<h5 class=\"mt-20\"><strong>Zur Reflect-Gruppe geh\u00f6ren:<\/strong><\/h5>\n<div class=\"bottom-contact-grid-parent mb-50\">\n<div class=\"bottom-contact-grid-item bottom-contact-grid-item1 pink gbg center-xs\">\n<p><img decoding=\"async\" src=\"\/wp-content\/themes\/dbx_reflect\/img\/logo-og.svg\" alt=\"\" class=\"img-responsive\" \/><\/p>\n<p><strong><a href=\"https:\/\/opengift.pl\">OpenGift.pl<\/a><\/strong><\/p>\n<p class=\"small\">Importeur von Werbegeschenken<\/p>\n<\/p><\/div>\n<div class=\"bottom-contact-grid-item bottom-contact-grid-item2 pink gbg2 center-xs\">\n<p><img decoding=\"async\" src=\"\/wp-content\/themes\/dbx_reflect\/img\/logo-ow.svg\" alt=\"\" class=\"img-responsive\" \/><\/p>\n<p><strong><a href=\"https:\/\/openwear.pl\">OpenWear.pl<\/a><\/strong><\/p>\n<p class=\"small\">Gro\u00dfhandel f\u00fcr Werbe-, Unternehmens-, Sport-, Arbeits- und Modebekleidung<\/p>\n<\/p><\/div>\n<div class=\"bottom-contact-grid-item bottom-contact-grid-item3 pink gbg center-xs\">\n<p><img decoding=\"async\" src=\"\/wp-content\/themes\/dbx_reflect\/img\/logo-op.svg\" alt=\"\" class=\"img-responsive\" \/><\/p>\n<p><strong><a href=\"https:\/\/openprint.pl\">OpenPrint.pl<\/a><\/strong><\/p>\n<p class=\"small\">Druckerei<\/p>\n<\/p><\/div>\n<div class=\"bottom-contact-grid-item bottom-contact-grid-item4 pink gbg2 center-xs\">\n<p><img decoding=\"async\" src=\"\/wp-content\/themes\/dbx_reflect\/img\/logo-vdf.svg\" alt=\"\" class=\"img-responsive\" \/><\/p>\n<p><strong><a href=\"https:\/\/vandefriesque.pl\">VanDeFriesque.pl<\/a><\/strong><\/p>\n<p class=\"small\">Werbeagentur<\/p>\n<\/p><\/div>\n<\/p><\/div>\n<\/p><\/div>\n<\/p><\/div>\n<\/p><\/div>\n<\/div>\n<p><!--\/.content--><\/p>\n","protected":false},"excerpt":{"rendered":"<p>Startesite &gt; \u00dcber uns \u00dcber uns Unser Unternehmen Auf dem Markt: seit 2006 Mehr als 100 Mitarbeiter Mehr als 10.000 Aufdrucke pro Tag Mehr als 5000 Kunden Mission Wir bieten unseren Kunden einen Rundum-Service, der ihnen Zeit und Kosten spart, ihnen ein Gef\u00fchl der Sicherheit und Zufriedenheit vermittelt sowie die Entwicklung ihrer Unternehmen ma\u00dfgeblich unterst\u00fctzt. [&hellip;]<\/p>\n","protected":false},"author":1,"featured_media":0,"parent":0,"menu_order":0,"comment_status":"closed","ping_status":"closed","template":"template-o-nas.php","meta":{"footnotes":""},"class_list":["post-127","page","type-page","status-publish","hentry"],"yoast_head":"<!-- This site is optimized with the Yoast SEO plugin v27.5 - https:\/\/yoast.com\/product\/yoast-seo-wordpress\/ -->\n<title>\u00dcber uns - Reflect<\/title>\n<meta name=\"robots\" content=\"index, follow, max-snippet:-1, max-image-preview:large, max-video-preview:-1\" \/>\n<link rel=\"canonical\" href=\"https:\/\/www.reflectprint.eu\/de\/ueber-uns\/\" \/>\n<meta property=\"og:locale\" content=\"de_DE\" \/>\n<meta property=\"og:type\" content=\"article\" \/>\n<meta property=\"og:title\" content=\"\u00dcber uns - Reflect\" \/>\n<meta property=\"og:description\" content=\"Startesite &gt; \u00dcber uns \u00dcber uns Unser Unternehmen Auf dem Markt: seit 2006 Mehr als 100 Mitarbeiter Mehr als 10.000 Aufdrucke pro Tag Mehr als 5000 Kunden Mission Wir bieten unseren Kunden einen Rundum-Service, der ihnen Zeit und Kosten spart, ihnen ein Gef\u00fchl der Sicherheit und Zufriedenheit vermittelt sowie die Entwicklung ihrer Unternehmen ma\u00dfgeblich unterst\u00fctzt. [&hellip;]\" \/>\n<meta property=\"og:url\" content=\"https:\/\/www.reflectprint.eu\/de\/ueber-uns\/\" \/>\n<meta property=\"og:site_name\" content=\"Reflect\" \/>\n<meta property=\"article:modified_time\" content=\"2022-12-27T17:28:08+00:00\" \/>\n<meta name=\"twitter:card\" content=\"summary_large_image\" \/>\n<meta name=\"twitter:label1\" content=\"Gesch\u00e4tzte Lesezeit\" \/>\n\t<meta name=\"twitter:data1\" content=\"9\u00a0Minuten\" \/>\n<script type=\"application\/ld+json\" class=\"yoast-schema-graph\">{\"@context\":\"https:\\\/\\\/schema.org\",\"@graph\":[{\"@type\":\"WebPage\",\"@id\":\"https:\\\/\\\/www.reflectprint.eu\\\/de\\\/ueber-uns\\\/\",\"url\":\"https:\\\/\\\/www.reflectprint.eu\\\/de\\\/ueber-uns\\\/\",\"name\":\"\u00dcber uns - Reflect\",\"isPartOf\":{\"@id\":\"https:\\\/\\\/www.reflectprint.eu\\\/#website\"},\"datePublished\":\"2022-12-20T21:05:55+00:00\",\"dateModified\":\"2022-12-27T17:28:08+00:00\",\"breadcrumb\":{\"@id\":\"https:\\\/\\\/www.reflectprint.eu\\\/de\\\/ueber-uns\\\/#breadcrumb\"},\"inLanguage\":\"de\",\"potentialAction\":[{\"@type\":\"ReadAction\",\"target\":[\"https:\\\/\\\/www.reflectprint.eu\\\/de\\\/ueber-uns\\\/\"]}]},{\"@type\":\"BreadcrumbList\",\"@id\":\"https:\\\/\\\/www.reflectprint.eu\\\/de\\\/ueber-uns\\\/#breadcrumb\",\"itemListElement\":[{\"@type\":\"ListItem\",\"position\":1,\"name\":\"Strona g\u0142\u00f3wna\",\"item\":\"https:\\\/\\\/www.reflectprint.eu\\\/de\\\/\"},{\"@type\":\"ListItem\",\"position\":2,\"name\":\"\u00dcber uns\"}]},{\"@type\":\"WebSite\",\"@id\":\"https:\\\/\\\/www.reflectprint.eu\\\/#website\",\"url\":\"https:\\\/\\\/www.reflectprint.eu\\\/\",\"name\":\"Reflect\",\"description\":\"\",\"potentialAction\":[{\"@type\":\"SearchAction\",\"target\":{\"@type\":\"EntryPoint\",\"urlTemplate\":\"https:\\\/\\\/www.reflectprint.eu\\\/?s={search_term_string}\"},\"query-input\":{\"@type\":\"PropertyValueSpecification\",\"valueRequired\":true,\"valueName\":\"search_term_string\"}}],\"inLanguage\":\"de\"}]}<\/script>\n<!-- \/ Yoast SEO plugin. -->","yoast_head_json":{"title":"\u00dcber uns - Reflect","robots":{"index":"index","follow":"follow","max-snippet":"max-snippet:-1","max-image-preview":"max-image-preview:large","max-video-preview":"max-video-preview:-1"},"canonical":"https:\/\/www.reflectprint.eu\/de\/ueber-uns\/","og_locale":"de_DE","og_type":"article","og_title":"\u00dcber uns - Reflect","og_description":"Startesite &gt; \u00dcber uns \u00dcber uns Unser Unternehmen Auf dem Markt: seit 2006 Mehr als 100 Mitarbeiter Mehr als 10.000 Aufdrucke pro Tag Mehr als 5000 Kunden Mission Wir bieten unseren Kunden einen Rundum-Service, der ihnen Zeit und Kosten spart, ihnen ein Gef\u00fchl der Sicherheit und Zufriedenheit vermittelt sowie die Entwicklung ihrer Unternehmen ma\u00dfgeblich unterst\u00fctzt. [&hellip;]","og_url":"https:\/\/www.reflectprint.eu\/de\/ueber-uns\/","og_site_name":"Reflect","article_modified_time":"2022-12-27T17:28:08+00:00","twitter_card":"summary_large_image","twitter_misc":{"Gesch\u00e4tzte Lesezeit":"9\u00a0Minuten"},"schema":{"@context":"https:\/\/schema.org","@graph":[{"@type":"WebPage","@id":"https:\/\/www.reflectprint.eu\/de\/ueber-uns\/","url":"https:\/\/www.reflectprint.eu\/de\/ueber-uns\/","name":"\u00dcber uns - Reflect","isPartOf":{"@id":"https:\/\/www.reflectprint.eu\/#website"},"datePublished":"2022-12-20T21:05:55+00:00","dateModified":"2022-12-27T17:28:08+00:00","breadcrumb":{"@id":"https:\/\/www.reflectprint.eu\/de\/ueber-uns\/#breadcrumb"},"inLanguage":"de","potentialAction":[{"@type":"ReadAction","target":["https:\/\/www.reflectprint.eu\/de\/ueber-uns\/"]}]},{"@type":"BreadcrumbList","@id":"https:\/\/www.reflectprint.eu\/de\/ueber-uns\/#breadcrumb","itemListElement":[{"@type":"ListItem","position":1,"name":"Strona g\u0142\u00f3wna","item":"https:\/\/www.reflectprint.eu\/de\/"},{"@type":"ListItem","position":2,"name":"\u00dcber uns"}]},{"@type":"WebSite","@id":"https:\/\/www.reflectprint.eu\/#website","url":"https:\/\/www.reflectprint.eu\/","name":"Reflect","description":"","potentialAction":[{"@type":"SearchAction","target":{"@type":"EntryPoint","urlTemplate":"https:\/\/www.reflectprint.eu\/?s={search_term_string}"},"query-input":{"@type":"PropertyValueSpecification","valueRequired":true,"valueName":"search_term_string"}}],"inLanguage":"de"}]}},"_links":{"self":[{"href":"https:\/\/www.reflectprint.eu\/de\/wp-json\/wp\/v2\/pages\/127","targetHints":{"allow":["GET"]}}],"collection":[{"href":"https:\/\/www.reflectprint.eu\/de\/wp-json\/wp\/v2\/pages"}],"about":[{"href":"https:\/\/www.reflectprint.eu\/de\/wp-json\/wp\/v2\/types\/page"}],"author":[{"embeddable":true,"href":"https:\/\/www.reflectprint.eu\/de\/wp-json\/wp\/v2\/users\/1"}],"replies":[{"embeddable":true,"href":"https:\/\/www.reflectprint.eu\/de\/wp-json\/wp\/v2\/comments?post=127"}],"version-history":[{"count":1,"href":"https:\/\/www.reflectprint.eu\/de\/wp-json\/wp\/v2\/pages\/127\/revisions"}],"predecessor-version":[{"id":224,"href":"https:\/\/www.reflectprint.eu\/de\/wp-json\/wp\/v2\/pages\/127\/revisions\/224"}],"wp:attachment":[{"href":"https:\/\/www.reflectprint.eu\/de\/wp-json\/wp\/v2\/media?parent=127"}],"curies":[{"name":"wp","href":"https:\/\/api.w.org\/{rel}","templated":true}]}}